{"id":891,"date":"2026-02-08T20:55:50","date_gmt":"2026-02-08T18:55:50","guid":{"rendered":"https:\/\/ayan.sk\/?page_id=891"},"modified":"2026-02-12T23:25:04","modified_gmt":"2026-02-12T21:25:04","slug":"mesiac-ramadan","status":"publish","type":"page","link":"https:\/\/ayan.sk\/en\/mesiac-ramadan\/","title":{"rendered":"Mesiac Ramadan"},"content":{"rendered":"<div class=\"wp-block-columns are-vertically-aligned-center is-layout-flex wp-container-core-columns-is-layout-28f84493 wp-block-columns-is-layout-flex\">\n<div class=\"wp-block-column is-vertically-aligned-center is-layout-flow wp-block-column-is-layout-flow\" style=\"flex-basis:33.33%\">\n<figure class=\"wp-block-image size-full is-style-rounded\" style=\"margin-top:var(--wp--preset--spacing--x-large);margin-bottom:var(--wp--preset--spacing--x-large)\"><img loading=\"lazy\" decoding=\"async\" width=\"800\" height=\"448\" src=\"https:\/\/ayan.sk\/wp-content\/uploads\/2026\/02\/ramadan-kareem.jpg\" alt=\"\" class=\"wp-image-926\" srcset=\"https:\/\/ayan.sk\/wp-content\/uploads\/2026\/02\/ramadan-kareem.jpg 800w, https:\/\/ayan.sk\/wp-content\/uploads\/2026\/02\/ramadan-kareem-300x168.jpg 300w, https:\/\/ayan.sk\/wp-content\/uploads\/2026\/02\/ramadan-kareem-768x430.jpg 768w, https:\/\/ayan.sk\/wp-content\/uploads\/2026\/02\/ramadan-kareem-18x10.jpg 18w\" sizes=\"auto, (max-width: 800px) 100vw, 800px\" \/><\/figure>\n<\/div>\n\n\n\n<div class=\"wp-block-column is-vertically-aligned-center is-layout-flow wp-block-column-is-layout-flow\" style=\"flex-basis:66.66%\">\n<p>V\u00e1\u017e. bratia a sestry,<\/p>\n\n\n\n<p>Prich\u00e1dza mesiac Ramadan 1447 \/ 2026 a s n\u00edm prich\u00e1dza aj po\u017eehnanie a pokoj, ktor\u00e9 ka\u017edoro\u010dne prin\u00e1\u0161a.<\/p>\n\n\n\n<p>Tento rok sme pre V\u00e1s pripravili v Centre AYA ramad\u00e1nsky program skladaj\u00faci sa zo spolo\u010dn\u00fdch modlitieb a spolo\u010dn\u00fdch iftarov.<\/p>\n<\/div>\n<\/div>\n\n\n\n<p>Pod\u013ea astronomick\u00fdch v\u00fdpo\u010dtov by mal Ramadan tento rok za\u010da\u0165 19.02.2026 (prv\u00fd de\u0148 p\u00f4stu). Pre istotu si v\u0161ak kliknite na t\u00fato str\u00e1nku nad\u00e1cie AYA ve\u010der d\u0148a 18.02.2026, aby ste sa uistili, \u017ee p\u00f4st za\u010d\u00edna nasleduj\u00faci de\u0148. Budeme sa sna\u017ei\u0165 V\u00e1m to potvrdi\u0165 v \u010do najskor\u0161om mo\u017enom \u010dase.<\/p>\n\n\n\n<hr class=\"wp-block-separator has-alpha-channel-opacity\"\/>\n\n\n\n<p><strong>Podpori\u0165 na\u0161u \u010dinnos\u0165 m\u00f4\u017eete na \u010d\u00edsle \u00fa\u010dtu nad\u00e1cie AYA uveden\u00fd na <\/strong><a href=\"https:\/\/ayan.sk\/en\/\"><strong>www.ayan.sk<\/strong><\/a><\/p>\n\n\n\n<hr class=\"wp-block-separator has-alpha-channel-opacity\"\/>\n\n\n\n<p><\/p>\n\n\n\n<div class=\"wp-block-group alignwide is-style-default has-background has-global-padding is-layout-constrained wp-container-core-group-is-layout-c156bf93 wp-block-group-is-layout-constrained\" style=\"background-color:#eaf4e7;margin-top:0px;margin-bottom:0px;padding-top:var(--wp--preset--spacing--medium);padding-right:var(--wp--preset--spacing--medium);padding-bottom:var(--wp--preset--spacing--medium);padding-left:var(--wp--preset--spacing--medium)\">\n<div class=\"wp-block-columns alignwide are-vertically-aligned-center is-layout-flex wp-container-core-columns-is-layout-2009bae8 wp-block-columns-is-layout-flex\" style=\"margin-top:0px;margin-bottom:0px\">\n<div class=\"wp-block-column is-vertically-aligned-center is-layout-flow wp-block-column-is-layout-flow\">\n<div class=\"wp-block-group has-global-padding is-layout-constrained wp-container-core-group-is-layout-f5f3bcb8 wp-block-group-is-layout-constrained\">\n<p class=\"has-primary-color has-text-color has-small-font-size\" style=\"font-style:normal;font-weight:500\"><strong>\u010casy modlitieb.<\/strong><\/p>\n\n\n\n<p>V\u00e1\u017e. bratia a&nbsp;sestry<\/p>\n\n\n\n<p>Centrum AYA pripravilo pre v\u00e1s tento rok \u010dasy modlitieb po\u010das cel\u00e9ho mesiaca Ramadan 1447. \u010casy maj\u00fa odpor\u00fa\u010dac\u00ed charakter, tak\u017ee je na ka\u017edom, pod\u013ea ktor\u00e9ho \u010dasu sa bude posti\u0165 (ke\u010f\u017ee na nich nie je zhoda medzi muslimami na SLovensku).<\/p>\n\n\n\n<p>\u010casy s\u00fa prevzat\u00e9 zo&nbsp;str\u00e1nky Eur\u00f3pskeho koncilu pre fatwy a&nbsp;sk\u00famanie, ktor\u00e1 je v\u00fdznamnej\u0161ia in\u0161tit\u00facia v&nbsp;r\u00e1mci Eur\u00f3py <a href=\"https:\/\/www.e-cfr.org\/\">https:\/\/www.e-cfr.org\/<\/a> . T\u00e1 ho prevzala od str\u00e1nky <a href=\"http:\/\/www.islamicfinder.org\">www.islamicfinder.org<\/a> , ktor\u00e1 je jedna z&nbsp;prv\u00fdch web str\u00e1nok, ktor\u00e9 za\u010dali po\u010d\u00edta\u0165 \u010dasy modlenia vo svete roky dozadu.<\/p>\n\n\n\n<p>Tieto \u010dasy sme si vybrali pr\u00e1ve preto, \u017ee sme si ich overili &#8211; hlavne Fa\u017er (\u00fasvit) a&nbsp;Magreb (z\u00e1pad slnka) &#8211; aj na str\u00e1nke meteorologick\u00e9ho \u00fastavu a&nbsp;<strong>zhoduj\u00fa sa<\/strong>. Najd\u00f4le\u017eitej\u0161ie dva \u010dasy s\u00fa Fa\u017er, preto\u017ee ke\u010f nastane, u\u017e by sa nemalo jes\u0165 a&nbsp;ak by sa jedlo, tak sa p\u00f4st preru\u0161il a&nbsp;Magreb, preto\u017ee pred n\u00edm by sa nemalo za\u010da\u0165 jes\u0165, inak sa p\u00f4st pova\u017euje za preru\u0161en\u00fd. <\/p>\n\n\n\n<p><strong>\u010casy modlitieb si m\u00f4\u017eete stiahanu\u0165 kliknut\u00edm na nasleduj\u00faci odkaz<\/strong> <\/p>\n\n\n\n<p><a href=\"https:\/\/ayan.sk\/wp-content\/uploads\/2026\/02\/Casy-modlenia-Taquim-Ramadan1-2026-1.jpg\">https:\/\/ayan.sk\/wp-content\/uploads\/2026\/02\/Casy-modlenia-Taquim-Ramadan1-2026-1.jpg<\/a><\/p>\n<\/div>\n<\/div>\n\n\n\n<div class=\"wp-block-column is-vertically-aligned-center is-layout-flow wp-block-column-is-layout-flow\">\n<div class=\"wp-block-cover is-light is-style-rounded-cover has-x-small-font-size\" style=\"border-style:none;border-width:0px;min-height:778px;aspect-ratio:unset;\"><img loading=\"lazy\" decoding=\"async\" width=\"1131\" height=\"1600\" class=\"wp-block-cover__image-background wp-image-905 size-full\" alt=\"\" src=\"https:\/\/ayan.sk\/wp-content\/uploads\/2026\/02\/Casy-modlenia-Taquim-Ramadan1-2026-1.jpg\" data-object-fit=\"cover\" srcset=\"https:\/\/ayan.sk\/wp-content\/uploads\/2026\/02\/Casy-modlenia-Taquim-Ramadan1-2026-1.jpg 1131w, https:\/\/ayan.sk\/wp-content\/uploads\/2026\/02\/Casy-modlenia-Taquim-Ramadan1-2026-1-212x300.jpg 212w, https:\/\/ayan.sk\/wp-content\/uploads\/2026\/02\/Casy-modlenia-Taquim-Ramadan1-2026-1-724x1024.jpg 724w, https:\/\/ayan.sk\/wp-content\/uploads\/2026\/02\/Casy-modlenia-Taquim-Ramadan1-2026-1-768x1086.jpg 768w, https:\/\/ayan.sk\/wp-content\/uploads\/2026\/02\/Casy-modlenia-Taquim-Ramadan1-2026-1-1086x1536.jpg 1086w, https:\/\/ayan.sk\/wp-content\/uploads\/2026\/02\/Casy-modlenia-Taquim-Ramadan1-2026-1-8x12.jpg 8w\" sizes=\"auto, (max-width: 1131px) 100vw, 1131px\" \/><span aria-hidden=\"true\" class=\"wp-block-cover__background has-background-dim-0 has-background-dim\" style=\"background-color:#aeb7b4\"><\/span><div class=\"wp-block-cover__inner-container is-layout-flow wp-block-cover-is-layout-flow\">\n<p class=\"has-text-align-center\"><\/p>\n<\/div><\/div>\n<\/div>\n<\/div>\n<\/div>\n\n\n\n<div class=\"wp-block-group alignwide has-background has-global-padding is-layout-constrained wp-container-core-group-is-layout-c156bf93 wp-block-group-is-layout-constrained\" style=\"background-color:#e3e1d9;margin-top:0px;margin-bottom:0px;padding-top:var(--wp--preset--spacing--medium);padding-right:var(--wp--preset--spacing--medium);padding-bottom:var(--wp--preset--spacing--medium);padding-left:var(--wp--preset--spacing--medium)\">\n<div class=\"wp-block-columns alignwide are-vertically-aligned-center is-layout-flex wp-container-core-columns-is-layout-2009bae8 wp-block-columns-is-layout-flex\" style=\"margin-top:0px;margin-bottom:0px\">\n<div class=\"wp-block-column is-vertically-aligned-center is-layout-flow wp-block-column-is-layout-flow\">\n<div class=\"wp-block-cover is-light is-style-rounded-cover has-x-small-font-size has-aspect-ratio\" style=\"border-style:none;border-width:0px;aspect-ratio:4\/3;min-height:unset;\"><img loading=\"lazy\" decoding=\"async\" width=\"1600\" height=\"1200\" class=\"wp-block-cover__image-background wp-image-784 size-full\" alt=\"\" src=\"https:\/\/ayan.sk\/wp-content\/uploads\/2025\/09\/0ff494a6-7ae6-4fdd-a2ea-3a548f99b725.jpeg\" data-object-fit=\"cover\" srcset=\"https:\/\/ayan.sk\/wp-content\/uploads\/2025\/09\/0ff494a6-7ae6-4fdd-a2ea-3a548f99b725.jpeg 1600w, https:\/\/ayan.sk\/wp-content\/uploads\/2025\/09\/0ff494a6-7ae6-4fdd-a2ea-3a548f99b725-300x225.jpeg 300w, https:\/\/ayan.sk\/wp-content\/uploads\/2025\/09\/0ff494a6-7ae6-4fdd-a2ea-3a548f99b725-1024x768.jpeg 1024w, https:\/\/ayan.sk\/wp-content\/uploads\/2025\/09\/0ff494a6-7ae6-4fdd-a2ea-3a548f99b725-768x576.jpeg 768w, https:\/\/ayan.sk\/wp-content\/uploads\/2025\/09\/0ff494a6-7ae6-4fdd-a2ea-3a548f99b725-1536x1152.jpeg 1536w, https:\/\/ayan.sk\/wp-content\/uploads\/2025\/09\/0ff494a6-7ae6-4fdd-a2ea-3a548f99b725-16x12.jpeg 16w\" sizes=\"auto, (max-width: 1600px) 100vw, 1600px\" \/><span aria-hidden=\"true\" class=\"wp-block-cover__background has-background-dim-0 has-background-dim\" style=\"background-color:#969396\"><\/span><div class=\"wp-block-cover__inner-container is-layout-flow wp-block-cover-is-layout-flow\">\n<p class=\"has-text-align-center has-large-font-size\"><\/p>\n<\/div><\/div>\n<\/div>\n\n\n\n<div class=\"wp-block-column is-vertically-aligned-center is-layout-flow wp-block-column-is-layout-flow\">\n<div class=\"wp-block-group has-global-padding is-layout-constrained wp-container-core-group-is-layout-f5f3bcb8 wp-block-group-is-layout-constrained\">\n<p class=\"has-primary-color has-text-color has-small-font-size\" style=\"font-style:normal;font-weight:500\"><strong>Modlenie I\u0161a (ve\u010dern\u00e1 modlitba) Tarawih po\u010das mesiaca Ramadan v&nbsp;centre AYA.<\/strong><\/p>\n\n\n\n<p>So z\u00e1merom u\u013eah\u010di\u0165 v\u0161etk\u00fdm zapam\u00e4tanie si \u010dasu ve\u010dernej modlitby, sa v&nbsp;Centre AYA bude po\u010das cel\u00e9ho Ramadanu vykon\u00e1va\u0165 ve\u010dern\u00e1 modlitba \u2013 I\u0161a presne o&nbsp;20:00 h. (bez oh\u013eadu na pos\u00favanie \u010dasu).<\/p>\n\n\n\n<p><\/p>\n<\/div>\n<\/div>\n<\/div>\n<\/div>\n\n\n\n<div class=\"wp-block-group alignwide has-background has-global-padding is-layout-constrained wp-container-core-group-is-layout-c156bf93 wp-block-group-is-layout-constrained\" style=\"background-color:#eaf4e7;margin-top:0px;margin-bottom:0px;padding-top:var(--wp--preset--spacing--medium);padding-right:var(--wp--preset--spacing--medium);padding-bottom:var(--wp--preset--spacing--medium);padding-left:var(--wp--preset--spacing--medium)\">\n<div class=\"wp-block-columns alignwide are-vertically-aligned-center is-layout-flex wp-container-core-columns-is-layout-2009bae8 wp-block-columns-is-layout-flex\" style=\"margin-top:0px;margin-bottom:0px\">\n<div class=\"wp-block-column is-vertically-aligned-center is-layout-flow wp-block-column-is-layout-flow\">\n<div class=\"wp-block-group has-global-padding is-layout-constrained wp-container-core-group-is-layout-f5f3bcb8 wp-block-group-is-layout-constrained\">\n<p class=\"has-primary-color has-text-color has-small-font-size\" style=\"font-style:normal;font-weight:500\"><strong>Spolo\u010dn\u00e9 ve\u010dere \u2013 Iftar.<\/strong><\/p>\n\n\n\n<p>Centrum AYA bude organizova\u0165 spolo\u010dn\u00e9 ve\u010dere mimo priestorov centra AYA z&nbsp;d\u00f4vodu zachov\u00e1vania poriadku a&nbsp;hygienick\u00fdch pravidiel centra. Aktu\u00e1lne inform\u00e1cie o&nbsp;konan\u00ed spolo\u010dn\u00fdch ve\u010der n\u00e1jdete v\u017edy na str\u00e1nke nad\u00e1cie <a href=\"https:\/\/ayan.sk\/en\/\">www.ayan.sk<\/a> v&nbsp;sekcii ur\u010denej mesiacu Ramadan alebo priamo na n\u00e1stenke v&nbsp;centre AYA.<\/p>\n<\/div>\n<\/div>\n\n\n\n<div class=\"wp-block-column is-vertically-aligned-center is-layout-flow wp-block-column-is-layout-flow\">\n<div class=\"wp-block-cover is-light is-style-rounded-cover has-x-small-font-size has-aspect-ratio\" style=\"border-style:none;border-width:0px;aspect-ratio:4\/3;min-height:unset;\"><img loading=\"lazy\" decoding=\"async\" width=\"900\" height=\"1200\" class=\"wp-block-cover__image-background wp-image-911 size-full\" alt=\"\" src=\"https:\/\/ayan.sk\/wp-content\/uploads\/2026\/02\/WhatsApp-Image-2026-01-05-at-09.47.16.jpeg\" data-object-fit=\"cover\" srcset=\"https:\/\/ayan.sk\/wp-content\/uploads\/2026\/02\/WhatsApp-Image-2026-01-05-at-09.47.16.jpeg 900w, https:\/\/ayan.sk\/wp-content\/uploads\/2026\/02\/WhatsApp-Image-2026-01-05-at-09.47.16-225x300.jpeg 225w, https:\/\/ayan.sk\/wp-content\/uploads\/2026\/02\/WhatsApp-Image-2026-01-05-at-09.47.16-768x1024.jpeg 768w, https:\/\/ayan.sk\/wp-content\/uploads\/2026\/02\/WhatsApp-Image-2026-01-05-at-09.47.16-9x12.jpeg 9w\" sizes=\"auto, (max-width: 900px) 100vw, 900px\" \/><span aria-hidden=\"true\" class=\"wp-block-cover__background has-background-dim-0 has-background-dim\" style=\"background-color:#b67f60\"><\/span><div class=\"wp-block-cover__inner-container is-layout-flow wp-block-cover-is-layout-flow\">\n<p class=\"has-text-align-center\"><\/p>\n<\/div><\/div>\n<\/div>\n<\/div>\n<\/div>\n\n\n\n<div class=\"wp-block-columns alignwide are-vertically-aligned-center has-background is-layout-flex wp-container-core-columns-is-layout-389af4c0 wp-block-columns-is-layout-flex\" style=\"background-color:#e3e1d9;margin-top:0px;margin-bottom:0px;padding-top:var(--wp--preset--spacing--medium);padding-right:var(--wp--preset--spacing--medium);padding-bottom:var(--wp--preset--spacing--medium);padding-left:var(--wp--preset--spacing--medium)\">\n<div class=\"wp-block-column is-vertically-aligned-center is-layout-flow wp-block-column-is-layout-flow\">\n<div class=\"wp-block-cover is-light is-style-rounded-cover has-x-small-font-size has-aspect-ratio\" style=\"border-style:none;border-width:0px;aspect-ratio:4\/3;min-height:unset;\"><img loading=\"lazy\" decoding=\"async\" width=\"1600\" height=\"1200\" class=\"wp-block-cover__image-background wp-image-792 size-full\" alt=\"\" src=\"https:\/\/ayan.sk\/wp-content\/uploads\/2025\/09\/0adf378d-03ff-4949-a6e5-7dd7e4357042.jpeg\" data-object-fit=\"cover\" srcset=\"https:\/\/ayan.sk\/wp-content\/uploads\/2025\/09\/0adf378d-03ff-4949-a6e5-7dd7e4357042.jpeg 1600w, https:\/\/ayan.sk\/wp-content\/uploads\/2025\/09\/0adf378d-03ff-4949-a6e5-7dd7e4357042-300x225.jpeg 300w, https:\/\/ayan.sk\/wp-content\/uploads\/2025\/09\/0adf378d-03ff-4949-a6e5-7dd7e4357042-1024x768.jpeg 1024w, https:\/\/ayan.sk\/wp-content\/uploads\/2025\/09\/0adf378d-03ff-4949-a6e5-7dd7e4357042-768x576.jpeg 768w, https:\/\/ayan.sk\/wp-content\/uploads\/2025\/09\/0adf378d-03ff-4949-a6e5-7dd7e4357042-1536x1152.jpeg 1536w, https:\/\/ayan.sk\/wp-content\/uploads\/2025\/09\/0adf378d-03ff-4949-a6e5-7dd7e4357042-16x12.jpeg 16w\" sizes=\"auto, (max-width: 1600px) 100vw, 1600px\" \/><span aria-hidden=\"true\" class=\"wp-block-cover__background has-background-dim-0 has-background-dim\" style=\"background-color:#9ea9b1\"><\/span><div class=\"wp-block-cover__inner-container is-layout-flow wp-block-cover-is-layout-flow\">\n<p class=\"has-text-align-center has-large-font-size\"><\/p>\n<\/div><\/div>\n<\/div>\n\n\n\n<div class=\"wp-block-column is-vertically-aligned-center is-layout-flow wp-block-column-is-layout-flow\">\n<div class=\"wp-block-group has-global-padding is-layout-constrained wp-container-core-group-is-layout-f5f3bcb8 wp-block-group-is-layout-constrained\">\n<p class=\"has-primary-color has-text-color has-small-font-size\" style=\"font-style:normal;font-weight:500\"><strong><strong>Poriadok platn\u00fd v&nbsp;Centre AYA po\u010das mesiaca Ramadan.<\/strong><\/strong><\/p>\n\n\n\n<p>1. V&nbsp;centre AYA bude po\u010das mesiaca Ramadan plati\u0165 \u0161peci\u00e1lny re\u017eim otv\u00e1rania, ke\u010f sa bud\u00fa ka\u017ed\u00fd de\u0148 po\u010das Ramadanu kona\u0165 spolo\u010dn\u00e9 modlitby v&nbsp;\u010dase od 20:00 h. do 21:30 h.<\/p>\n\n\n\n<p>2. Centrum bude po\u010das noci zatvoren\u00e9. <\/p>\n\n\n\n<p>3. V&nbsp;centre sa okrem \u010dasov ur\u010den\u00fdch na jeho prev\u00e1dzku a&nbsp;\u010dasov ur\u010den\u00fdch na \u0161peci\u00e1lny program po\u010das Ramadanu, nesmie nikto zdr\u017eiava\u0165.<\/p>\n\n\n\n<p><\/p>\n<\/div>\n<\/div>\n<\/div>\n\n\n\n<p><\/p>","protected":false},"excerpt":{"rendered":"<p>V\u00e1\u017e. bratia a sestry, Prich\u00e1dza mesiac Ramadan 1447 \/ 2026 a s n\u00edm prich\u00e1dza aj po\u017eehnanie a pokoj, ktor\u00e9 ka\u017edoro\u010dne prin\u00e1\u0161a. Tento rok sme pre V\u00e1s pripravili v Centre AYA ramad\u00e1nsky program skladaj\u00faci sa zo spolo\u010dn\u00fdch modlitieb a spolo\u010dn\u00fdch iftarov. Pod\u013ea astronomick\u00fdch v\u00fdpo\u010dtov by mal Ramadan tento rok za\u010da\u0165 19.02.2026 (prv\u00fd de\u0148 p\u00f4stu). Pre istotu [&hellip;]<\/p>","protected":false},"author":2,"featured_media":0,"parent":0,"menu_order":0,"comment_status":"closed","ping_status":"closed","template":"","meta":{"_acf_changed":false,"ngg_post_thumbnail":0,"footnotes":""},"class_list":["post-891","page","type-page","status-publish","hentry"],"acf":[],"mb":[],"mfb_rest_fields":["title"],"_links":{"self":[{"href":"https:\/\/ayan.sk\/en\/wp-json\/wp\/v2\/pages\/891","targetHints":{"allow":["GET"]}}],"collection":[{"href":"https:\/\/ayan.sk\/en\/wp-json\/wp\/v2\/pages"}],"about":[{"href":"https:\/\/ayan.sk\/en\/wp-json\/wp\/v2\/types\/page"}],"author":[{"embeddable":true,"href":"https:\/\/ayan.sk\/en\/wp-json\/wp\/v2\/users\/2"}],"replies":[{"embeddable":true,"href":"https:\/\/ayan.sk\/en\/wp-json\/wp\/v2\/comments?post=891"}],"version-history":[{"count":17,"href":"https:\/\/ayan.sk\/en\/wp-json\/wp\/v2\/pages\/891\/revisions"}],"predecessor-version":[{"id":936,"href":"https:\/\/ayan.sk\/en\/wp-json\/wp\/v2\/pages\/891\/revisions\/936"}],"wp:attachment":[{"href":"https:\/\/ayan.sk\/en\/wp-json\/wp\/v2\/media?parent=891"}],"curies":[{"name":"wp","href":"https:\/\/api.w.org\/{rel}","templated":true}]}}