{"id":427,"date":"2025-06-26T21:17:28","date_gmt":"2025-06-26T21:17:28","guid":{"rendered":"https:\/\/ayan.sk\/?page_id=427"},"modified":"2025-07-01T06:49:15","modified_gmt":"2025-07-01T06:49:15","slug":"about-us","status":"publish","type":"page","link":"https:\/\/ayan.sk\/en\/about-us\/","title":{"rendered":"About us"},"content":{"rendered":"<div class=\"wp-block-cover alignfull is-style-default\" style=\"padding-top:0;padding-bottom:0\"><img loading=\"lazy\" decoding=\"async\" width=\"1707\" height=\"2560\" class=\"wp-block-cover__image-background wp-image-669 size-full\" alt=\"\" src=\"https:\/\/ayan.sk\/wp-content\/uploads\/2025\/07\/pexels-ekrulila-13766868-scaled.jpg\" style=\"object-position:52% 50%\" data-object-fit=\"cover\" data-object-position=\"52% 50%\" srcset=\"https:\/\/ayan.sk\/wp-content\/uploads\/2025\/07\/pexels-ekrulila-13766868-scaled.jpg 1707w, https:\/\/ayan.sk\/wp-content\/uploads\/2025\/07\/pexels-ekrulila-13766868-200x300.jpg 200w, https:\/\/ayan.sk\/wp-content\/uploads\/2025\/07\/pexels-ekrulila-13766868-683x1024.jpg 683w, https:\/\/ayan.sk\/wp-content\/uploads\/2025\/07\/pexels-ekrulila-13766868-768x1152.jpg 768w, https:\/\/ayan.sk\/wp-content\/uploads\/2025\/07\/pexels-ekrulila-13766868-1024x1536.jpg 1024w, https:\/\/ayan.sk\/wp-content\/uploads\/2025\/07\/pexels-ekrulila-13766868-1365x2048.jpg 1365w, https:\/\/ayan.sk\/wp-content\/uploads\/2025\/07\/pexels-ekrulila-13766868-8x12.jpg 8w\" sizes=\"auto, (max-width: 1707px) 100vw, 1707px\" \/><span aria-hidden=\"true\" class=\"wp-block-cover__background has-primary-background-color has-background-dim-20 has-background-dim\"><\/span><div class=\"wp-block-cover__inner-container is-layout-flow wp-container-core-cover-is-layout-92d440f1 wp-block-cover-is-layout-flow\">\n<p class=\"has-text-align-center has-large-font-size\"><\/p>\n<\/div><\/div>\n\n\n\n<div class=\"wp-block-columns alignfull are-vertically-aligned-top is-layout-flex wp-container-core-columns-is-layout-ec2e7a44 wp-block-columns-is-layout-flex\" style=\"padding-top:0;padding-bottom:0\">\n<div class=\"wp-block-column is-vertically-aligned-top is-layout-flow wp-block-column-is-layout-flow\" style=\"flex-basis:33.33%\">\n<div class=\"wp-block-group is-content-justification-center is-nowrap is-layout-flex wp-container-core-group-is-layout-23441af8 wp-block-group-is-layout-flex\">\n<h1 class=\"wp-block-heading has-text-align-center\" style=\"margin-top:var(--wp--preset--spacing--small)\"><strong>O n\u00e1s<\/strong><\/h1>\n<\/div>\n<\/div>\n\n\n\n<div class=\"wp-block-column is-vertically-aligned-top is-layout-flow wp-block-column-is-layout-flow\" style=\"flex-basis:50%\">\n<div class=\"wp-block-group alignwide has-global-padding is-content-justification-left is-layout-constrained wp-container-core-group-is-layout-0b992c85 wp-block-group-is-layout-constrained\" style=\"border-radius:5px;margin-top:var(--wp--preset--spacing--small);margin-bottom:var(--wp--preset--spacing--small);padding-top:var(--wp--preset--spacing--small);padding-right:var(--wp--preset--spacing--medium);padding-bottom:var(--wp--preset--spacing--small);padding-left:var(--wp--preset--spacing--medium)\">\n<p class=\"has-primary-color has-text-color has-small-font-size\" style=\"font-style:normal;font-weight:500\"><strong>O nad\u00e1ci\u00ed<\/strong><\/p>\n\n\n\n<p class=\"has-small-font-size\" style=\"padding-right:var(--wp--preset--spacing--small);padding-left:var(--wp--preset--spacing--small)\">Nad\u00e1cia AYA je verejnoprospe\u0161n\u00e1, neziskov\u00e1 pr\u00e1vnick\u00e1 osoba, ktor\u00e1 je zalo\u017een\u00e1 hlavne na rozvoj a ochrane duchovn\u00fdch a kult\u00farnych hodn\u00f4t, rozvoja vedy a vzdel\u00e1vania.<br><br>Nad\u00e1cia bola zalo\u017een\u00e1 v roku 2024 na Slovensku. Jej hlavn\u00fdm z\u00e1merom je podporovanie komunity muslimov na Slovensku. Hovor\u00edme v prvom rade o Slov\u00e1koch &#8211; muslimoch, ktor\u00ed sa na Slovensku narodili a maj\u00fa tu korene. Slovensko je ich domov a ich krajina, podobne ako je domovom ostatn\u00fdch jej obyvate\u013eov r\u00f4znych n\u00e1bo\u017eenstiev a kult\u00far.<\/p>\n<\/div>\n\n\n\n<div class=\"wp-block-group alignwide has-global-padding is-content-justification-left is-layout-constrained wp-container-core-group-is-layout-0b992c85 wp-block-group-is-layout-constrained\" style=\"border-radius:5px;margin-top:var(--wp--preset--spacing--small);margin-bottom:var(--wp--preset--spacing--small);padding-top:var(--wp--preset--spacing--small);padding-right:var(--wp--preset--spacing--medium);padding-bottom:var(--wp--preset--spacing--small);padding-left:var(--wp--preset--spacing--medium)\">\n<p class=\"has-primary-color has-text-color has-small-font-size\" style=\"font-style:normal;font-weight:500\"><strong>V\u00fdznam mena AYA<\/strong><\/p>\n\n\n\n<p class=\"has-small-font-size\" style=\"padding-right:var(--wp--preset--spacing--small);padding-left:var(--wp--preset--spacing--small)\">Slovo AYA znamen\u00e1 v arabskom jazyku \u201cznamenie\u201d. Ozna\u010duj\u00fa sa n\u00edm aj znamenia (ver\u0161e) Kor\u00e1nu. Toto slovo pre n\u00e1s vyjadruje ur\u010dit\u00fd odkaz na Kor\u00e1n (z\u00e1kladn\u00fd prame\u0148 islamsk\u00e9ho n\u00e1bo\u017eenstva), ale aj n\u00e1dej na plnohodnotnej\u0161iu \u010dinnos\u0165 do bud\u00facnosti, ktor\u00e1 bude prospe\u0161n\u00e1 pre v\u0161etk\u00fdch.<\/p>\n<\/div>\n\n\n\n<div class=\"wp-block-group alignwide has-global-padding is-content-justification-left is-layout-constrained wp-container-core-group-is-layout-0b992c85 wp-block-group-is-layout-constrained\" style=\"border-radius:5px;margin-top:var(--wp--preset--spacing--small);margin-bottom:var(--wp--preset--spacing--small);padding-top:var(--wp--preset--spacing--small);padding-right:var(--wp--preset--spacing--medium);padding-bottom:var(--wp--preset--spacing--small);padding-left:var(--wp--preset--spacing--medium)\">\n<p class=\"has-primary-color has-text-color has-small-font-size\" style=\"font-style:normal;font-weight:500\"><strong>Centrum AYA<\/strong><\/p>\n\n\n\n<p class=\"has-small-font-size\" style=\"padding-right:var(--wp--preset--spacing--small);padding-left:var(--wp--preset--spacing--small)\">Pri svojom vzniku si nad\u00e1cia AYA dala za jeden z hlavn\u00fdch cie\u013eov, vybudova\u0165 si centrum v ktorom by vykon\u00e1vala aktivity ur\u010den\u00e9 hlavne v nada\u010dnej listine a intern\u00fdch predpisov nad\u00e1cie. Za t\u00fdmto \u00fa\u010delom si nad\u00e1cia AYA zriadila Centrum AYA.<br><br>Centrum AYA je objekt, ktor\u00fd sl\u00fa\u017eil hlavne na vzdel\u00e1vacie \u010dinnosti ml\u00e1de\u017ee, soci\u00e1lneho kontaktu dospel\u00fdch a seniorov, vzdel\u00e1vacie predn\u00e1\u0161ky a vo\u013eno\u010dasov\u00e9 aktivity. Z tohto poh\u013eadu je potrebn\u00e9 Centrum AYA aj vn\u00edma\u0165.<br><br>Nad\u00e1cia si pri svojom vzniku polo\u017eila za \u010fal\u0161\u00ed cie\u013e, pom\u00e1ha\u0165 muslimom na Slovensku rie\u0161i\u0165 hlavne tie ot\u00e1zky a problemy, ktor\u00e9 sa za uplynul\u00e9 roky nerie\u0161ili, ktor\u00e9 sa kumulovali a\u017e prer\u00e1stli do p\u00e1l\u010divej\u0161\u00edch probl\u00e9mov, ktor\u00e9 je nutn\u00e9 \u010do najsk\u00f4r za\u010da\u0165 rie\u0161i\u0165.<\/p>\n<\/div>\n\n\n\n<div class=\"wp-block-group alignwide has-global-padding is-content-justification-left is-layout-constrained wp-container-core-group-is-layout-0b992c85 wp-block-group-is-layout-constrained\" style=\"border-radius:5px;margin-top:var(--wp--preset--spacing--small);margin-bottom:var(--wp--preset--spacing--small);padding-top:var(--wp--preset--spacing--small);padding-right:var(--wp--preset--spacing--medium);padding-bottom:var(--wp--preset--spacing--small);padding-left:var(--wp--preset--spacing--medium)\">\n<p class=\"has-primary-color has-text-color has-small-font-size\" style=\"font-style:normal;font-weight:500\"><strong>Vzdel\u00e1vanie mladej gener\u00e1cie<\/strong><\/p>\n\n\n\n<p class=\"has-small-font-size\" style=\"padding-right:var(--wp--preset--spacing--small);padding-left:var(--wp--preset--spacing--small)\">Vzdelavanie a usmernenie vo v\u00fdchovnom procese. Na\u0161\u00edm z\u00e1kladn\u00fdm cie\u013eom je vies\u0165 deti a dospievaj\u00facu ml\u00e1de\u017e k osvojeniu si hodn\u00f4t uveden\u00fdch v Kor\u00e1rne. Osvoji\u0165 si zakladne zasady islamu je aj predpoklad, \u017ee z tejto dospievaj\u00facej gener\u00e1cie vyrast\u00fa ludia, ktor\u00ed bud\u00fa nielen dodr\u017eiava\u0165 zasady svojho n\u00e1bo\u017eenstva, ale dodr\u017eiavan\u00edm t\u00fdchto z\u00e1sad sa stan\u00fa pr\u00ednosom pre cel\u00fa slovensk\u00fa spolo\u010dnos\u0165 &#8211; spolo\u010dnos\u0165 kde sa narodili, vyrastali v nej a s\u00fa jej s\u00fa\u010das\u0165ou. <br><br>So z\u00e1sadami o ktor\u00fdch hovor\u00edme sa m\u00f4\u017ee ka\u017ed\u00fd obozn\u00e1mi\u0165 v Kor\u00e1ne alebo v zjednodu\u0161enej forme v publik\u00e1cii JUDr. Abdulwahab Al-Sbenaty, Islam podstata n\u00e1bo\u017eenstva (publik\u00e1cia je dostupn\u00e1 na web str\u00e1nke autora <a class=\"\" href=\"http:\/\/www.koran.sk\">www.koran.sk<\/a>).<\/p>\n<\/div>\n\n\n\n<div class=\"wp-block-group alignwide has-global-padding is-content-justification-left is-layout-constrained wp-container-core-group-is-layout-0b992c85 wp-block-group-is-layout-constrained\" style=\"border-radius:5px;margin-top:var(--wp--preset--spacing--small);margin-bottom:var(--wp--preset--spacing--small);padding-top:var(--wp--preset--spacing--small);padding-right:var(--wp--preset--spacing--medium);padding-bottom:var(--wp--preset--spacing--small);padding-left:var(--wp--preset--spacing--medium)\">\n<p class=\"has-primary-color has-text-color has-small-font-size\" style=\"font-style:normal;font-weight:500\"><strong>\u00dacta k star\u0161\u00edm<\/strong><\/p>\n\n\n\n<p class=\"has-small-font-size\" style=\"padding-right:var(--wp--preset--spacing--small);padding-left:var(--wp--preset--spacing--small)\">Genera\u010dn\u00fd kontakt, hlavne so seniormi, je zv\u00e4\u010d\u0161a len na individu\u00e1lne \u00farovni. To je situ\u00e1cia, ktor\u00fa by sme chceli trochu zmeni\u0165. Spolo\u010dnos\u0165 v islamsk\u00fdch krajin\u00e1ch, pod\u013ea z\u00e1sad islamsk\u00e9ho n\u00e1bo\u017eenstva, si ct\u00ed a re\u0161pektuje star\u0161\u00edch \u013eud\u00ed. Hlavne rodi\u010dov, bli\u017e\u0161\u00edch pr\u00edbuzn\u00fdch, ale aj ka\u017ed\u00e9ho, kto sa do\u017e\u00edva vy\u0161\u0161ieho veku. K tejto z\u00e1sade by sme chceli vies\u0165 aj nov\u00e9 gener\u00e1cie, aby si ju nielen osvojili, ale aby aj vedeli, \u010do prakticky znamen\u00e1 a predstavuje. Aj to je jeden z cie\u013eov nad\u00e1cie AYA.<\/p>\n<\/div>\n\n\n\n<div class=\"wp-block-group alignwide has-global-padding is-content-justification-left is-layout-constrained wp-container-core-group-is-layout-0b992c85 wp-block-group-is-layout-constrained\" style=\"border-radius:5px;margin-top:var(--wp--preset--spacing--small);margin-bottom:var(--wp--preset--spacing--small);padding-top:var(--wp--preset--spacing--small);padding-right:var(--wp--preset--spacing--medium);padding-bottom:var(--wp--preset--spacing--small);padding-left:var(--wp--preset--spacing--medium)\">\n<p class=\"has-primary-color has-text-color has-small-font-size\" style=\"font-style:normal;font-weight:500\"><strong>Bud\u00face projekty<\/strong><\/p>\n\n\n\n<p class=\"has-small-font-size\" style=\"padding-right:var(--wp--preset--spacing--small);padding-left:var(--wp--preset--spacing--small)\">\u010eal\u0161ie projekty, ktor\u00e9 nad\u00e1cia AYA m\u00e1 v pl\u00e1ne, vych\u00e1dzaj\u00fa hlavne z dlhoro\u010dn\u00fdch potrieb muslimov na Slovensku. T\u00fdmto projektom sa bude nad\u00e1cia venova\u0165 (ke\u010f Boh d\u00e1) postupne v najbli\u017e\u0161\u00edch rokoch.<\/p>\n<\/div>\n<\/div>\n<\/div>","protected":false},"excerpt":{"rendered":"<p>O n\u00e1s O nad\u00e1ci\u00ed Nad\u00e1cia AYA je verejnoprospe\u0161n\u00e1, neziskov\u00e1 pr\u00e1vnick\u00e1 osoba, ktor\u00e1 je zalo\u017een\u00e1 hlavne na rozvoj a ochrane duchovn\u00fdch a kult\u00farnych hodn\u00f4t, rozvoja vedy a vzdel\u00e1vania. Nad\u00e1cia bola zalo\u017een\u00e1 v roku 2024 na Slovensku. Jej hlavn\u00fdm z\u00e1merom je podporovanie komunity muslimov na Slovensku. Hovor\u00edme v prvom rade o Slov\u00e1koch &#8211; muslimoch, ktor\u00ed sa na [&hellip;]<\/p>","protected":false},"author":1,"featured_media":0,"parent":0,"menu_order":0,"comment_status":"closed","ping_status":"closed","template":"page-no-title","meta":{"_acf_changed":false,"ngg_post_thumbnail":0,"footnotes":""},"class_list":["post-427","page","type-page","status-publish","hentry"],"acf":[],"mb":[],"mfb_rest_fields":["title"],"_links":{"self":[{"href":"https:\/\/ayan.sk\/en\/wp-json\/wp\/v2\/pages\/427","targetHints":{"allow":["GET"]}}],"collection":[{"href":"https:\/\/ayan.sk\/en\/wp-json\/wp\/v2\/pages"}],"about":[{"href":"https:\/\/ayan.sk\/en\/wp-json\/wp\/v2\/types\/page"}],"author":[{"embeddable":true,"href":"https:\/\/ayan.sk\/en\/wp-json\/wp\/v2\/users\/1"}],"replies":[{"embeddable":true,"href":"https:\/\/ayan.sk\/en\/wp-json\/wp\/v2\/comments?post=427"}],"version-history":[{"count":45,"href":"https:\/\/ayan.sk\/en\/wp-json\/wp\/v2\/pages\/427\/revisions"}],"predecessor-version":[{"id":671,"href":"https:\/\/ayan.sk\/en\/wp-json\/wp\/v2\/pages\/427\/revisions\/671"}],"wp:attachment":[{"href":"https:\/\/ayan.sk\/en\/wp-json\/wp\/v2\/media?parent=427"}],"curies":[{"name":"wp","href":"https:\/\/api.w.org\/{rel}","templated":true}]}}